{"id":4460,"date":"2018-09-11T10:37:36","date_gmt":"2018-09-11T10:37:36","guid":{"rendered":"http:\/\/imamkoy.com\/?page_id=4460"},"modified":"2026-05-01T07:53:39","modified_gmt":"2026-05-01T06:53:39","slug":"organik-dogal-ev-yapimi-tarhana-yapilisi","status":"publish","type":"page","link":"http:\/\/imamkoy.com\/index.php\/organik-dogal-ev-yapimi-tarhana-yapilisi\/","title":{"rendered":"Ayd\u0131n Y\u00f6resi Organik Do\u011fal Ev Yap\u0131m\u0131 Tad\u0131na Doyamayaca\u011f\u0131n\u0131z  Tarhana  Yap\u0131l\u0131\u015f\u0131 ve \u00c7orbas\u0131, Ev yap\u0131m\u0131 eri\u015fte (Ev Makarnas\u0131) yap\u0131l\u0131\u015f\u0131"},"content":{"rendered":"<p style=\"text-align: justify;\"><a href=\"http:\/\/imamkoy.com\/wp-content\/uploads\/2018\/09\/20180901_185228.jpg\"><img loading=\"lazy\" decoding=\"async\" class=\"alignleft size-medium wp-image-4464\" src=\"http:\/\/imamkoy.com\/wp-content\/uploads\/2018\/09\/20180901_185228-300x228.jpg\" alt=\"20180901_185228\" width=\"300\" height=\"228\" srcset=\"http:\/\/imamkoy.com\/wp-content\/uploads\/2018\/09\/20180901_185228-300x228.jpg 300w, http:\/\/imamkoy.com\/wp-content\/uploads\/2018\/09\/20180901_185228-624x475.jpg 624w, http:\/\/imamkoy.com\/wp-content\/uploads\/2018\/09\/20180901_185228.jpg 830w\" sizes=\"auto, (max-width: 300px) 100vw, 300px\" \/><\/a>Ev Tarhanas\u0131 Ayd\u0131n-imamk\u00f6y (Hz: Nermin Karabulut)<\/p>\n<p>Tarhana yap\u0131m\u0131 genelde Ayd\u0131n y\u00f6resinde havalar\u0131n biraz serinledi\u011fi A\u011fustos ay\u0131 sonlar\u0131na ba\u015flay\u0131p Eyl\u00fcl Ekim ay\u0131na kadar devam eder.<\/p>\n<p style=\"text-align: justify;\"><strong><span style=\"color: #ff0000;\">Malzemeler:<\/span><\/strong> <span style=\"color: #ff0000;\"><span style=\"color: #000000;\">2 kg K\u0131rm\u0131z\u0131 Bursa biberi, 2 kg so\u011fan b\u00fcy\u00fck boy, 2 kg Bursa domatesi, 2 kg \u0130rmik, 4 kg s\u00fczme kaymakl\u0131 kese yo\u011furdu. (kayma\u011f\u0131 ile s\u00fczd\u00fcr\u00fclecek), 2 kg s\u00fct, 1 ba\u011f tarhana otu , 2 kg kadar un ve g\u00f6z karar\u0131 tuz\u00a0<\/span><\/span><\/p>\n<p style=\"text-align: justify;\"><strong><span style=\"color: #ff0000;\">Yap\u0131l\u0131\u015f\u0131 :<\/span><\/strong> K\u0131rm\u0131z\u0131 bursa biberi, domates (bursa domatesi olursa daha iyi), so\u011fan k\u00fc\u00e7\u00fck, k\u00fc\u00e7\u00fck do\u011franarak tencereye konur. Biz odun ate\u015finde kaynatma i\u015fini yap\u0131yoruz. Tarhana otu da bu malzemelerin en\u00a0 \u00fcst\u00fcne konur. Malzemeler iyice eriyinceye kadar pi\u015firilir. tarhana otu da de\u011fi\u015fik bir aroma sa\u011flar. Bu ot k\u0131rsal arazide yeti\u015fen bir ot t\u00fcr\u00fcd\u00fcr.<\/p>\n<p style=\"text-align: justify;\">B\u00fcy\u00fck bir kap i\u00e7eresine (ilgen) irmik d\u00f6k\u00fcl\u00fcr biraz da un ilave edilir. K\u0131vam\u0131n\u0131 kendimiz ayarlamam\u0131z laz\u0131m sonra kaynatm\u0131\u015f oldu\u011fumuz bu malzemeler yava\u015f yava\u015f s\u0131cak olarak irmik kab\u0131na d\u00f6k\u00fclerek kar\u0131\u015ft\u0131r\u0131l\u0131p yo\u011furulur ve \u00fczerine tarhana otumuz yine konur. So\u011fumaya b\u0131rak\u0131l\u0131r. So\u011fuduktan sonra;<\/p>\n<figure id=\"attachment_8506\" aria-describedby=\"caption-attachment-8506\" style=\"width: 481px\" class=\"wp-caption aligncenter\"><a href=\"http:\/\/imamkoy.com\/wp-content\/uploads\/2023\/09\/tarhana-scaled.jpg\"><img loading=\"lazy\" decoding=\"async\" class=\" wp-image-8506\" src=\"http:\/\/imamkoy.com\/wp-content\/uploads\/2023\/09\/tarhana-300x169.jpg\" alt=\"\" width=\"481\" height=\"271\" srcset=\"http:\/\/imamkoy.com\/wp-content\/uploads\/2023\/09\/tarhana-300x169.jpg 300w, http:\/\/imamkoy.com\/wp-content\/uploads\/2023\/09\/tarhana-1024x576.jpg 1024w, http:\/\/imamkoy.com\/wp-content\/uploads\/2023\/09\/tarhana-768x432.jpg 768w, http:\/\/imamkoy.com\/wp-content\/uploads\/2023\/09\/tarhana-1536x864.jpg 1536w, http:\/\/imamkoy.com\/wp-content\/uploads\/2023\/09\/tarhana-2048x1152.jpg 2048w\" sizes=\"auto, (max-width: 481px) 100vw, 481px\" \/><\/a><figcaption id=\"caption-attachment-8506\" class=\"wp-caption-text\">Tarhana otu ve k\u0131rm\u0131z\u0131 biber<\/figcaption><\/figure>\n<p style=\"text-align: justify;\">\u00a0S\u00fcz\u00fclm\u00fc\u015f olan\u00a0 kaymakl\u0131 kese yo\u011furdumuz\u00a0 haz\u0131rlad\u0131\u011f\u0131m\u0131z \u00a0irmik kab\u0131n\u0131n i\u00e7erine konur.\u00a0 Yo\u011furarak tekrar kar\u0131\u015ft\u0131r\u0131l\u0131r ve \u00fczeri kapat\u0131l\u0131r. Tarhana hamurumuz ta\u015fmas\u0131n diye \u00f6nlem al\u0131n\u0131r. (daha geni\u015f kap i\u00e7eresine konur) Sabaha kadar tarhanam\u0131z art\u0131k iyice mayalanm\u0131\u015f k\u0131vama gelmi\u015ftir. Tarhana tepsiler i\u00e7eresine un ekilerek ka\u015f\u0131kla k\u00fc\u00e7\u00fck bezeler halinde konur, \u00e7ok g\u00fcne\u015f olmayan hafif g\u00f6lgeli bir yere serilir. ( \u00c7ok s\u0131cakta tarhana ek\u015fi olur) Ara s\u0131ra hamur bezeleri \u00e7atalla veya ka\u015f\u0131kla ara s\u0131ra da\u011f\u0131t\u0131l\u0131r, b\u00f6ylece erken kurumas\u0131 sa\u011flan\u0131r. Ak\u015fam \u00fcst\u00fc tarhanam\u0131z art\u0131k kalburlayacak k\u0131vama gelmi\u015ftir. Kalburlar\u0131n\u0131r veya metal makarna s\u00fczge\u00e7i de olabilir. \u0130nce un haline gelen tarhanam\u0131z bir iki g\u00fcn tepside iyice kurutularak cam kavanozlara veya bez torbada saklan\u0131r. Nermin Karabulut \u0130mamkoy.com Afiyet olsun<\/p>\n<p>Tarhana yap\u0131lmas\u0131 genelde Ayd\u0131n y\u00f6resinde havalar\u0131n biraz serinledi\u011fi A\u011fustos ay\u0131 sonlar\u0131na do\u011fru ba\u015flay\u0131p Eyl\u00fcl Ekim ay\u0131na kadar devam eder.<\/p>\n<p style=\"text-align: justify;\"><a href=\"http:\/\/imamkoy.com\/wp-content\/uploads\/2018\/09\/20180901_183304.jpg\"><img loading=\"lazy\" decoding=\"async\" class=\"alignleft size-medium wp-image-4468\" src=\"http:\/\/imamkoy.com\/wp-content\/uploads\/2018\/09\/20180901_183304-257x300.jpg\" alt=\"20180901_183304\" width=\"257\" height=\"300\" srcset=\"http:\/\/imamkoy.com\/wp-content\/uploads\/2018\/09\/20180901_183304-257x300.jpg 257w, http:\/\/imamkoy.com\/wp-content\/uploads\/2018\/09\/20180901_183304.jpg 381w\" sizes=\"auto, (max-width: 257px) 100vw, 257px\" \/><\/a><\/p>\n<p style=\"text-align: justify;\"><strong>Resim tarhana harc\u0131m\u0131z yo\u011furt ilave edilmeden \u00f6nceki durumu, \u00a0sonra tepsiye par\u00e7alar halinde konur. \u00a0<\/strong><\/p>\n<p><strong>Haz\u0131rlayan:Nermin Karabulut<\/strong><\/p>\n<p><strong>A\u015fa\u011f\u0131daki foto\u011frafta Tarhana Kalburdan ge\u00e7irildikten sonra bir iki g\u00fcn tepside biraz daha\u00a0 kurumas\u0131 i\u00e7in bekletilir. Afiyet olsun <\/strong><\/p>\n<p><a href=\"http:\/\/imamkoy.com\/wp-content\/uploads\/2020\/10\/20201020_110928.jpg\"><img loading=\"lazy\" decoding=\"async\" class=\"aligncenter  wp-image-5715\" src=\"http:\/\/imamkoy.com\/wp-content\/uploads\/2020\/10\/20201020_110928.jpg\" alt=\"\" width=\"520\" height=\"381\" srcset=\"http:\/\/imamkoy.com\/wp-content\/uploads\/2020\/10\/20201020_110928.jpg 1802w, http:\/\/imamkoy.com\/wp-content\/uploads\/2020\/10\/20201020_110928-300x220.jpg 300w, http:\/\/imamkoy.com\/wp-content\/uploads\/2020\/10\/20201020_110928-1024x750.jpg 1024w, http:\/\/imamkoy.com\/wp-content\/uploads\/2020\/10\/20201020_110928-768x563.jpg 768w, http:\/\/imamkoy.com\/wp-content\/uploads\/2020\/10\/20201020_110928-1536x1125.jpg 1536w\" sizes=\"auto, (max-width: 520px) 100vw, 520px\" \/><\/a><\/p>\n<p><a href=\"http:\/\/imamkoy.com\/wp-content\/uploads\/2018\/09\/20180912_215719.jpg\"><img loading=\"lazy\" decoding=\"async\" class=\"alignleft  wp-image-4474\" src=\"http:\/\/imamkoy.com\/wp-content\/uploads\/2018\/09\/20180912_215719-300x168.jpg\" alt=\"20180912_215719\" width=\"467\" height=\"261\" srcset=\"http:\/\/imamkoy.com\/wp-content\/uploads\/2018\/09\/20180912_215719-300x168.jpg 300w, http:\/\/imamkoy.com\/wp-content\/uploads\/2018\/09\/20180912_215719-624x350.jpg 624w\" sizes=\"auto, (max-width: 467px) 100vw, 467px\" \/><br \/>\n<\/a><\/p>\n<p>Tarhana \u00c7orbas\u0131 Yap\u0131l\u0131\u015f\u0131 (Kuru B\u00f6r\u00fclceli) : Kuru B\u00f6r\u00fclcemiz \u00f6nce haz\u0131rlan\u0131r\u00a0 biraz diri de kalabilir.<\/p>\n<p style=\"text-align: justify;\">E\u011fer b\u00f6r\u00fclce suyu siyah olarak \u00e7\u0131km\u0131\u015fsa suyumuz tarhanaya boyamas\u0131n diye suyu s\u00fcz\u00fcl\u00fcr. Ayr\u0131 bir tencereye zevkinize g\u00f6re veya evdeki malzemeye g\u00f6re ya\u011f (Teraya\u011f\u0131,zeytin ya\u011f\u0131, margarin) sonra toz biber ile renklendirilir. Tencereye etli veya k\u0131ymal\u0131 yoksa da olabilir. \u00c7e\u015fme suyu tencereye konur kaynayan suya\u00a0 yava\u015f yava\u015f tarhanam\u0131z kar\u0131\u015ft\u0131r\u0131larak\u00a0\u00a0\u00a0ilave edilir. Et susuz da pi\u015firilebilir. bir di\u015f sar\u0131msak, kuru b\u00f6r\u00fclce, zevke g\u00f6re ac\u0131 veya\u00a0 2-3 tane dizme kuru biber, tuz \u00a0kat\u0131larak su ortadan kaynat\u0131l\u0131r. Tarhanam\u0131z yava\u015f yava\u015f kar\u0131\u015ft\u0131rarak su suya kat\u0131l\u0131r. Pi\u015fmesini kendimiz tad\u0131na ve k\u0131vam\u0131na bakarak ayarlayabiliriz. Arzuya g\u00f6re e\u011fer servis an\u0131nda \u00fczerine renk d\u00f6kmek istersek tereya\u011f\u0131 ile renk yap\u0131l\u0131r. \u00c7orban\u0131n yan\u0131nda y\u00f6remizde\u00a0 p\u0131ransa ile zeytin salatas\u0131 yap\u0131l\u0131r, zeytin,\u00a0\u00a0turp, tur\u015fu, tere, turp otu salatas\u0131 ile birlikte \u00a0yenilebilir tercih sizin yap\u0131m\u0131 \u00e7ok zor ve me\u015fakkatlidir.\u00a0 \u00a0 \u0130mamkoy.com<\/p>\n<p><a href=\"http:\/\/imamkoy.com\/wp-content\/uploads\/2023\/09\/tarhana2.jpg\"><img loading=\"lazy\" decoding=\"async\" class=\"aligncenter  wp-image-8510\" src=\"http:\/\/imamkoy.com\/wp-content\/uploads\/2023\/09\/tarhana2-300x295.jpg\" alt=\"\" width=\"413\" height=\"407\" srcset=\"http:\/\/imamkoy.com\/wp-content\/uploads\/2023\/09\/tarhana2-300x295.jpg 300w, http:\/\/imamkoy.com\/wp-content\/uploads\/2023\/09\/tarhana2-768x755.jpg 768w, http:\/\/imamkoy.com\/wp-content\/uploads\/2023\/09\/tarhana2.jpg 921w\" sizes=\"auto, (max-width: 413px) 100vw, 413px\" \/><\/a><\/p>\n<p><a href=\"http:\/\/imamkoy.com\/wp-content\/uploads\/2023\/09\/tarhana3.jpg\"><img loading=\"lazy\" decoding=\"async\" class=\"aligncenter  wp-image-8520\" src=\"http:\/\/imamkoy.com\/wp-content\/uploads\/2023\/09\/tarhana3-300x185.jpg\" alt=\"\" width=\"458\" height=\"282\" srcset=\"http:\/\/imamkoy.com\/wp-content\/uploads\/2023\/09\/tarhana3-300x185.jpg 300w, http:\/\/imamkoy.com\/wp-content\/uploads\/2023\/09\/tarhana3-768x473.jpg 768w, http:\/\/imamkoy.com\/wp-content\/uploads\/2023\/09\/tarhana3-825x510.jpg 825w, http:\/\/imamkoy.com\/wp-content\/uploads\/2023\/09\/tarhana3.jpg 976w\" sizes=\"auto, (max-width: 458px) 100vw, 458px\" \/><\/a><\/p>\n<p>Tarhana II. Yeni Tarif kalabal\u0131k aile i\u00e7in<\/p>\n<p>\u0130mamk\u00f6y&#8217;den\u00a0 ba\u015fka bir akrabam tarhana\u00a0 yaparken g\u00f6rd\u00fcm siz okurlar\u0131ma aktar\u0131yorum.<\/p>\n<p>Malzemeler\u00a0 (kalabal\u0131k aileler i\u00e7in)\u00a0 Tarhana<\/p>\n<p>3 kg un, 5 kg so\u011fan, 5 kg k\u0131rm\u0131z\u0131 biber, 2 ba\u011f tarhana otu, 2,5 kg ilmik, 1 kg bu\u011fday g\u00f6cesi, 1 kg su, 5 kg yo\u011furt , karar\u0131nda tuz.<\/p>\n<p>B\u00fcy\u00fck bir tencere bulunur. So\u011fan tencerenin alt\u0131na iri olarak par\u00e7alanarak do\u011franarak konur. Onun \u00fczerine tarhana otu, \u00dcst\u00fcne k\u0131rm\u0131z\u0131 biber do\u011franacak, 1 kg domates yer oca\u011f\u0131nda ha\u015flanacak (kaynatma) i\u015flemi yap\u0131l\u0131rsa daha g\u00fczel olur malzemeler iyice erir. \u0130lmik ve bu\u011fday g\u00f6cesi b\u00fcy\u00fck bir le\u011fene d\u00f6k\u00fclecek, \u00fczerine \u00f6nce ha\u015flad\u0131\u011f\u0131m\u0131z kar\u0131\u015f\u0131ml\u0131 su s\u0131cak olarak d\u00f6k\u00fclecek\u00a0 s\u0131cak s\u0131cak kar\u0131\u015ft\u0131r\u0131lacak, so\u011fuduktan sonra yo\u011furt ve unu konarak yo\u011frulacak, 4 veya 5 saat sonra tarhanam\u0131z iyice gelmi\u015f hamur gibi olmu\u015ftur. bu i\u015flem genelde gece yap\u0131l\u0131r. sabah tepsi i\u00e7eresine un serpilip k\u00fc\u00e7\u00fck bezeler halinde ka\u015f\u0131kla konup, az g\u00f6lgede (alaca g\u00f6lgede)bekletilir. Sonra bezeler \u00e7atalla da\u011f\u0131t\u0131l\u0131p kurumas\u0131 sa\u011flan\u0131r. Sonra kalburdan veya s\u00fczge\u00e7ten ge\u00e7irilerek ince olarak\u00a0 a\u015fa\u011f\u0131daki foto\u011fraftaki gibi olmas\u0131 sa\u011flan\u0131r. Ayd\u0131nda tarhana \u00e7orbas\u0131nda b\u00f6r\u00fclce ve kuru biber genelde \u00e7orbaya pi\u015ferken at\u0131l\u0131r. Tabi zevkinize g\u00f6re Afiyet olsun so\u011fuk havalarda iyi gider. \u0130\u00e7 \u0131s\u0131t\u0131c\u0131 \u00f6zelli\u011fe sahiptir.<\/p>\n<p><a href=\"http:\/\/imamkoy.com\/wp-content\/uploads\/2023\/10\/tarhana-scaled.jpg\"><img loading=\"lazy\" decoding=\"async\" class=\"wp-image-8831  aligncenter\" src=\"http:\/\/imamkoy.com\/wp-content\/uploads\/2023\/10\/tarhana-169x300.jpg\" alt=\"\" width=\"255\" height=\"452\" srcset=\"http:\/\/imamkoy.com\/wp-content\/uploads\/2023\/10\/tarhana-169x300.jpg 169w, http:\/\/imamkoy.com\/wp-content\/uploads\/2023\/10\/tarhana-576x1024.jpg 576w, http:\/\/imamkoy.com\/wp-content\/uploads\/2023\/10\/tarhana-768x1365.jpg 768w, http:\/\/imamkoy.com\/wp-content\/uploads\/2023\/10\/tarhana-864x1536.jpg 864w, http:\/\/imamkoy.com\/wp-content\/uploads\/2023\/10\/tarhana-1152x2048.jpg 1152w, http:\/\/imamkoy.com\/wp-content\/uploads\/2023\/10\/tarhana-scaled.jpg 1440w\" sizes=\"auto, (max-width: 255px) 100vw, 255px\" \/><\/a><\/p>\n<p style=\"text-align: justify;\"><strong><span style=\"color: #ff0000;\">ERi\u015eTE (Kesme Bol Yumurtal\u0131 Ev Makarnas\u0131)<\/span><\/strong><\/p>\n<p><span style=\"color: #ff0000;\">Ev Makarnas\u0131<\/span><\/p>\n<p style=\"text-align: justify;\"><span style=\"text-decoration: underline;\"><span style=\"color: #000000; text-decoration: underline;\">Malzemeler :<\/span><\/span><\/p>\n<p style=\"text-align: justify;\">1 kg una 3 k\u00f6y yumurtas\u0131, 5 kg un 15 yumurta veya yumurtan\u0131n b\u00fcy\u00fckl\u00fc\u011f\u00fcne g\u00f6re 2-3 tane fazla olabilir tuz, su isteyen biraz s\u00fct de katabilir.<\/p>\n<p style=\"text-align: justify;\">B\u00fcy\u00fck bir kaba un elenir ortas\u0131na havuz a\u00e7\u0131l\u0131r. Yumurtalar ba\u015fka bir kapta k\u0131r\u0131larak \u00e7\u0131rp\u0131l\u0131r yapt\u0131\u011f\u0131m\u0131z un havuzuna d\u00f6k\u00fcl\u00fcr. Yeterince karar\u0131na g\u00f6re tuz konur. Hamurumuz k\u0131vam\u0131nda a\u00e7\u0131lacak bir \u015fekilde yo\u011frulur hamur k\u00fc\u00e7\u00fck bezelere ayr\u0131larak \u00fczerleri \u00f6rt\u00fcl\u00fcr. Sonra kom\u015fular ile veya ev halk\u0131 ile hamurlar a\u00e7\u0131l\u0131r \u00e7ar\u015faflar \u00fczerine serilir. Yufkalar\u0131n \u00e7ok ince veya \u00e7ok kal\u0131n a\u00e7\u0131lmamas\u0131 laz\u0131md\u0131r. Serilen yufkalar\u00a0 \u00e7ar\u015faf \u00fczerinden al\u0131n\u0131r \u00e7ok kurursa ufalan\u0131r. Ya\u015f olunca birbirine yap\u0131\u015f\u0131r bak\u0131p ona g\u00f6re almak laz\u0131md\u0131r. Tahta \u00fczerine birka\u00e7 yufka \u00fcst \u00fcste konur. E\u015fit par\u00e7alara ayr\u0131larak foto\u011fraftaki gibi kesilir. Yine foto\u011frafta g\u00f6sterdi\u011fim gibi ayn\u0131 hamurdan \u00e7orbal\u0131k da kesilebilir. Y\u0131rt\u0131lan d\u00fczg\u00fcn kesilmeyen hamurlardan da foto\u011fraftaki gibi\u00a0 telef olmas\u0131n diye kulak makarna kesilir. Bunlar\u0131 ha\u015flarken i\u00e7erisine maydanoz biraz\u00a0 k\u0131yma ve maydanoz at\u0131larak birlikte ha\u015flan\u0131r sonra s\u00fczge\u00e7ten ge\u00e7irip, \u00fczerine kese yo\u011furdu d\u00f6k\u00fcp tereya\u011f\u0131 ve k\u0131rm\u0131z\u0131 biberle renk yaparak yalanc\u0131 mant\u0131 olur. Afiyet olsun.\u00a0 Veya direk \u00e7orba da olabilir hamur yumurtal\u0131 a\u00e7\u0131ld\u0131\u011f\u0131 i\u00e7in lezzeti m\u00fcthi\u015ftir.<\/p>\n<p style=\"text-align: justify;\">\u00a0<a href=\"http:\/\/imamkoy.com\/wp-content\/uploads\/2018\/09\/20180912_215709.jpg\"><img loading=\"lazy\" decoding=\"async\" class=\"alignleft  wp-image-4486\" src=\"http:\/\/imamkoy.com\/wp-content\/uploads\/2018\/09\/20180912_215709-300x168.jpg\" alt=\"20180912_215709\" width=\"409\" height=\"229\" srcset=\"http:\/\/imamkoy.com\/wp-content\/uploads\/2018\/09\/20180912_215709-300x168.jpg 300w, http:\/\/imamkoy.com\/wp-content\/uploads\/2018\/09\/20180912_215709-624x350.jpg 624w, http:\/\/imamkoy.com\/wp-content\/uploads\/2018\/09\/20180912_215709.jpg 900w\" sizes=\"auto, (max-width: 409px) 100vw, 409px\" \/><br \/>\n<\/a><\/p>\n<figure id=\"attachment_8647\" aria-describedby=\"caption-attachment-8647\" style=\"width: 428px\" class=\"wp-caption aligncenter\"><a href=\"http:\/\/imamkoy.com\/wp-content\/uploads\/2023\/09\/corbalik.jpg\"><img loading=\"lazy\" decoding=\"async\" class=\" wp-image-8647\" src=\"http:\/\/imamkoy.com\/wp-content\/uploads\/2023\/09\/corbalik-300x214.jpg\" alt=\"\" width=\"428\" height=\"306\" srcset=\"http:\/\/imamkoy.com\/wp-content\/uploads\/2023\/09\/corbalik-300x214.jpg 300w, http:\/\/imamkoy.com\/wp-content\/uploads\/2023\/09\/corbalik-1024x730.jpg 1024w, http:\/\/imamkoy.com\/wp-content\/uploads\/2023\/09\/corbalik-768x548.jpg 768w, http:\/\/imamkoy.com\/wp-content\/uploads\/2023\/09\/corbalik-1536x1095.jpg 1536w, http:\/\/imamkoy.com\/wp-content\/uploads\/2023\/09\/corbalik-2048x1461.jpg 2048w\" sizes=\"auto, (max-width: 428px) 100vw, 428px\" \/><\/a><figcaption id=\"caption-attachment-8647\" class=\"wp-caption-text\">Mis gibi kesme hamurdan \u00e7orbal\u0131k<\/figcaption><\/figure>\n<p><a style=\"font-weight: bold; background-color: transparent; font-family: 'Noto Sans', sans-serif; text-align: inherit; display: inline !important;\" href=\"http:\/\/imamkoy.com\/wp-content\/uploads\/2023\/09\/kulak-makarna-scaled.jpg\"><img loading=\"lazy\" decoding=\"async\" class=\" wp-image-8656\" src=\"http:\/\/imamkoy.com\/wp-content\/uploads\/2023\/09\/kulak-makarna-300x180.jpg\" alt=\"\" width=\"459\" height=\"275\" srcset=\"http:\/\/imamkoy.com\/wp-content\/uploads\/2023\/09\/kulak-makarna-300x180.jpg 300w, http:\/\/imamkoy.com\/wp-content\/uploads\/2023\/09\/kulak-makarna-1024x615.jpg 1024w, http:\/\/imamkoy.com\/wp-content\/uploads\/2023\/09\/kulak-makarna-768x461.jpg 768w, http:\/\/imamkoy.com\/wp-content\/uploads\/2023\/09\/kulak-makarna-1536x923.jpg 1536w, http:\/\/imamkoy.com\/wp-content\/uploads\/2023\/09\/kulak-makarna-2048x1230.jpg 2048w\" sizes=\"auto, (max-width: 459px) 100vw, 459px\" \/><\/a><\/p>\n<p>Kulak makarna<\/p>\n<figure id=\"attachment_8843\" aria-describedby=\"caption-attachment-8843\" style=\"width: 287px\" class=\"wp-caption aligncenter\"><a href=\"http:\/\/imamkoy.com\/wp-content\/uploads\/2023\/10\/makarna-3-scaled.jpg\"><img loading=\"lazy\" decoding=\"async\" class=\"wp-image-8843\" src=\"http:\/\/imamkoy.com\/wp-content\/uploads\/2023\/10\/makarna-3-169x300.jpg\" alt=\"\" width=\"287\" height=\"510\" srcset=\"http:\/\/imamkoy.com\/wp-content\/uploads\/2023\/10\/makarna-3-169x300.jpg 169w, http:\/\/imamkoy.com\/wp-content\/uploads\/2023\/10\/makarna-3-576x1024.jpg 576w, http:\/\/imamkoy.com\/wp-content\/uploads\/2023\/10\/makarna-3-768x1365.jpg 768w, http:\/\/imamkoy.com\/wp-content\/uploads\/2023\/10\/makarna-3-864x1536.jpg 864w, http:\/\/imamkoy.com\/wp-content\/uploads\/2023\/10\/makarna-3-1152x2048.jpg 1152w, http:\/\/imamkoy.com\/wp-content\/uploads\/2023\/10\/makarna-3-scaled.jpg 1440w\" sizes=\"auto, (max-width: 287px) 100vw, 287px\" \/><\/a><figcaption id=\"caption-attachment-8843\" class=\"wp-caption-text\">Makarna(Eri\u015fte) kesmek<\/figcaption><\/figure>\n<p><a href=\"http:\/\/imamkoy.com\/wp-content\/uploads\/2023\/10\/makarna-2-scaled.jpg\"><img loading=\"lazy\" decoding=\"async\" class=\"aligncenter  wp-image-8842\" src=\"http:\/\/imamkoy.com\/wp-content\/uploads\/2023\/10\/makarna-2-169x300.jpg\" alt=\"\" width=\"249\" height=\"442\" srcset=\"http:\/\/imamkoy.com\/wp-content\/uploads\/2023\/10\/makarna-2-169x300.jpg 169w, http:\/\/imamkoy.com\/wp-content\/uploads\/2023\/10\/makarna-2-576x1024.jpg 576w, http:\/\/imamkoy.com\/wp-content\/uploads\/2023\/10\/makarna-2-768x1365.jpg 768w, http:\/\/imamkoy.com\/wp-content\/uploads\/2023\/10\/makarna-2-864x1536.jpg 864w, http:\/\/imamkoy.com\/wp-content\/uploads\/2023\/10\/makarna-2-1152x2048.jpg 1152w, http:\/\/imamkoy.com\/wp-content\/uploads\/2023\/10\/makarna-2-scaled.jpg 1440w\" sizes=\"auto, (max-width: 249px) 100vw, 249px\" \/><\/a><\/p>\n","protected":false},"excerpt":{"rendered":"<p>Ev Tarhanas\u0131 Ayd\u0131n-imamk\u00f6y (Hz: Nermin Karabulut) Tarhana yap\u0131m\u0131 genelde Ayd\u0131n y\u00f6resinde havalar\u0131n biraz serinledi\u011fi A\u011fustos ay\u0131 sonlar\u0131na ba\u015flay\u0131p Eyl\u00fcl Ekim ay\u0131na kadar devam eder. Malzemeler: 2 kg K\u0131rm\u0131z\u0131 Bursa biberi, 2 kg so\u011fan b\u00fcy\u00fck boy, 2 kg Bursa domatesi, 2 kg \u0130rmik, 4 kg s\u00fczme kaymakl\u0131 kese yo\u011furdu. (kayma\u011f\u0131 ile s\u00fczd\u00fcr\u00fclecek), 2 kg s\u00fct, 1 &hellip; <a href=\"http:\/\/imamkoy.com\/index.php\/organik-dogal-ev-yapimi-tarhana-yapilisi\/\" class=\"more-link\">Okumaya devam et <span class=\"screen-reader-text\">Ayd\u0131n Y\u00f6resi Organik Do\u011fal Ev Yap\u0131m\u0131 Tad\u0131na Doyamayaca\u011f\u0131n\u0131z  Tarhana  Yap\u0131l\u0131\u015f\u0131 ve \u00c7orbas\u0131, Ev yap\u0131m\u0131 eri\u015fte (Ev Makarnas\u0131) yap\u0131l\u0131\u015f\u0131<\/span><\/a><\/p>\n","protected":false},"author":1,"featured_media":0,"parent":0,"menu_order":0,"comment_status":"open","ping_status":"open","template":"","meta":{"footnotes":""},"class_list":["post-4460","page","type-page","status-publish","hentry"],"_links":{"self":[{"href":"http:\/\/imamkoy.com\/index.php\/wp-json\/wp\/v2\/pages\/4460","targetHints":{"allow":["GET"]}}],"collection":[{"href":"http:\/\/imamkoy.com\/index.php\/wp-json\/wp\/v2\/pages"}],"about":[{"href":"http:\/\/imamkoy.com\/index.php\/wp-json\/wp\/v2\/types\/page"}],"author":[{"embeddable":true,"href":"http:\/\/imamkoy.com\/index.php\/wp-json\/wp\/v2\/users\/1"}],"replies":[{"embeddable":true,"href":"http:\/\/imamkoy.com\/index.php\/wp-json\/wp\/v2\/comments?post=4460"}],"version-history":[{"count":86,"href":"http:\/\/imamkoy.com\/index.php\/wp-json\/wp\/v2\/pages\/4460\/revisions"}],"predecessor-version":[{"id":8847,"href":"http:\/\/imamkoy.com\/index.php\/wp-json\/wp\/v2\/pages\/4460\/revisions\/8847"}],"wp:attachment":[{"href":"http:\/\/imamkoy.com\/index.php\/wp-json\/wp\/v2\/media?parent=4460"}],"curies":[{"name":"wp","href":"https:\/\/api.w.org\/{rel}","templated":true}]}}